{"id":2391,"date":"2024-12-02T12:23:01","date_gmt":"2024-12-02T11:23:01","guid":{"rendered":"https:\/\/amwildbachberg.at\/?page_id=2391"},"modified":"2025-02-04T18:00:24","modified_gmt":"2025-02-04T17:00:24","slug":"die-liebe-gspian","status":"publish","type":"page","link":"https:\/\/amwildbachberg.at\/en\/die-liebe-gspian\/","title":{"rendered":"Die Liebe g&#039;spian"},"content":{"rendered":"\n<div class=\"wp-block-group has-beige-lightest-background-color has-background is-layout-constrained wp-block-group-is-layout-constrained\" style=\"padding-top:var(--wp--preset--spacing--90);padding-bottom:var(--wp--preset--spacing--70)\">\n<p><\/p>\n\n\n\n<p><\/p>\n\n\n\n<p><\/p>\n\n\n\n<div style=\"height:73px\" aria-hidden=\"true\" class=\"wp-block-spacer\"><\/div>\n\n\n\n<p><\/p>\n\n\n\n<h1 class=\"wp-block-heading has-text-align-center has-black-color has-text-color has-serif-font-family has-7-xl-font-size\" style=\"line-height:1.1\">Die Liebe g&#8217;spian<\/h1>\n<\/div>\n\n\n\n<div id=\"content\" class=\"wp-block-group has-beige-lightest-background-color has-background is-layout-constrained wp-container-core-group-is-layout-51683a1a wp-block-group-is-layout-constrained\" style=\"padding-top:var(--wp--preset--spacing--50);padding-right:var(--wp--preset--spacing--25);padding-bottom:var(--wp--preset--spacing--70);padding-left:var(--wp--preset--spacing--25)\">\n<h1 class=\"wp-block-heading has-text-align-center has-black-color has-text-color has-serif-font-family has-4-xl-font-size\" style=\"line-height:1.1\">Romantik f\u00fcr zwei im Chalet-<br>mit Ruhe &amp; Genuss<\/h1>\n\n\n\n<p class=\"has-text-align-left has-xl-font-size\">Am Wildbachberg vergeht die Zeit nach der inneren Uhr. Was gibt es sch\u00f6neres, als mit viel Ruhe und Genuss die Zweisamkeit zu zelebrieren. Morgens ein bisschen l\u00e4nger &#8222;weiternapseln&#8220; mit der Liebsten\/dem Liebsten an deiner Seite. Das Fr\u00fchst\u00fcck ans Bett servieren lassen und sich den ganzen Tag Zeit nehmen f\u00fcr Romantik, f\u00fcr gute Gespr\u00e4che und f\u00fcr viele kleine Freuden des Lebens, die im Alltag oft keinen Platz finden. Ganz nach dem Motto &#8222;Die Liebe g&#8217;spian am Wildbachberg&#8220;. <\/p>\n\n\n\n<p class=\"has-xl-font-size\">Wir haben ein Romantikpackage zusammen gestellt, das euch eine unvergessliche Zeit zu zweit in eurem eigenen Chalet in der S\u00fcdsteiermark bieten soll. Ganz privat und ungest\u00f6rt. Vielleicht auch genau das Richtige f\u00fcr den Heiratsantrag, Honeymoon, den Hochzeitstag &#8230; oder einfach nur so.<\/p>\n\n\n\n<h1 class=\"wp-block-heading has-text-align-center has-black-color has-text-color has-serif-font-family has-4-xl-font-size\" style=\"line-height:1.1\">&#8222;Liebe ist nur ein Wort, bis dir jemand die Bedeutung zeigt&#8220;<\/h1>\n\n\n\n<div class=\"wp-block-group is-layout-constrained wp-block-group-is-layout-constrained\">\n<figure class=\"wp-block-image aligncenter size-large\"><img loading=\"lazy\" decoding=\"async\" width=\"1024\" height=\"683\" src=\"https:\/\/amwildbachberg.at\/wp-content\/uploads\/2022\/12\/Wildbachberg_Junges_Paar_03_waermer-1024x683.jpg\" alt=\"Zeit zu zweit im Ferienhaus Rosa\" class=\"wp-image-1776\" srcset=\"https:\/\/amwildbachberg.at\/wp-content\/uploads\/2022\/12\/Wildbachberg_Junges_Paar_03_waermer-1024x683.jpg 1024w, https:\/\/amwildbachberg.at\/wp-content\/uploads\/2022\/12\/Wildbachberg_Junges_Paar_03_waermer-300x200.jpg 300w, https:\/\/amwildbachberg.at\/wp-content\/uploads\/2022\/12\/Wildbachberg_Junges_Paar_03_waermer-768x512.jpg 768w, https:\/\/amwildbachberg.at\/wp-content\/uploads\/2022\/12\/Wildbachberg_Junges_Paar_03_waermer-1536x1025.jpg 1536w, https:\/\/amwildbachberg.at\/wp-content\/uploads\/2022\/12\/Wildbachberg_Junges_Paar_03_waermer-2048x1366.jpg 2048w\" sizes=\"auto, (max-width: 1024px) 100vw, 1024px\" \/><\/figure>\n\n\n\n<h1 class=\"wp-block-heading has-text-align-left has-black-color has-text-color has-serif-font-family has-3-xl-font-size\" style=\"line-height:1.1\">Das ist alles inkludiert:<\/h1>\n\n\n\n<ul class=\"wp-block-list\">\n<li class=\"has-lg-font-size\">3 \u00dcbernachtungen im Chalet mit eigener Panorama-Sauna und frei stehender Badewanne.<\/li>\n\n\n\n<li class=\"has-lg-font-size\">T\u00e4glich Fr\u00fchst\u00fcckskisterl mit vielen selbstgemachten K\u00f6stlichkeiten. Auf Wunsch auch vegan oder vegetarisch bestellbar.<\/li>\n\n\n\n<li class=\"has-lg-font-size\">Zur Begr\u00fc\u00dfung: Erfrischender PetNat (Naturweinsekt) und handgemachte Zotter-Pralinen.<\/li>\n\n\n\n<li class=\"has-lg-font-size\">1 x Abendessen im Chalet bei Kerzenschein und Kaminfeuer (Backhenderl oder Buschenschankjause) <\/li>\n\n\n\n<li class=\"has-lg-font-size\">Bademantel und Pantoffel f\u00fcr deinen Aufenthalt<\/li>\n\n\n\n<li class=\"has-lg-font-size\">Ben\u00fctzung deiner Panorama-Sauna, Sauna\u00f6le<\/li>\n\n\n\n<li class=\"has-lg-font-size\">Ben\u00fctzung des Infinity Pools (im Winter ist der Pool nicht beheizt, aber eignet sich gut als Tauchbecken nach der Sauna)<br>Ben\u00fctzung des 300 Jahre Weinkellers und des Grillplatzes<\/li>\n\n\n\n<li class=\"has-lg-font-size\">Yoga-Matte und Nordic Walking Stecken zum Ausborgen<\/li>\n\n\n\n<li class=\"has-lg-font-size\">Parkplatz<\/li>\n\n\n\n<li class=\"has-lg-font-size\">Versperrbare Fahrradgarage<\/li>\n\n\n\n<li class=\"has-lg-font-size\">Endreinigung<\/li>\n<\/ul>\n\n\n\n<p class=\"has-xl-font-size\"><strong>Die Romantik-Highlights:<\/strong><\/p>\n\n\n\n<ul class=\"wp-block-list\">\n<li class=\"has-lg-font-size\"><strong>Romantische Dekoration<\/strong> mit vielen Kerzen<\/li>\n\n\n\n<li class=\"has-lg-font-size\"><strong>Kulinarische Gen\u00fcsse f\u00fcr zwischendurch: <\/strong>Naschkisterl mit leckeren Zotter-Pralinen.  <\/li>\n\n\n\n<li class=\"has-lg-font-size\"><strong>Feuer und Flamme: <\/strong>Pers\u00f6nliches Lagerfeuer mit Punsch, Gl\u00fchwein bzw. Naturwein (je nach Vorliebe) oder Kaminfeuer (im Haus Rosa und Franzl) mit hei\u00dfer Schokolade von Zotter<\/li>\n\n\n\n<li class=\"has-lg-font-size\"><strong>Wellness und Entspannung: <\/strong>Warmes Bad mit handgemachten Badezus\u00e4tzen, duftenden Kr\u00e4utern und \u00e4therischen \u00d6len.<\/li>\n\n\n\n<li class=\"has-lg-font-size\"><strong>Zeit f\u00fcr Wertsch\u00e4tzung:<\/strong> Einfach mal &#8222;Danke&#8220; sagen mit einem Dankbarkeitsritual &#8211; ihr bekommt von uns dazu eine Anleitung, wie&#8217;s geht. <\/li>\n\n\n\n<li class=\"has-lg-font-size\"><strong>Zeit f\u00fcr Zweisamkeit:<\/strong> Tanzt unter dem Sternenhimmel bei leiser Musik &#8211; wir haben eine &#8222;Das Leben g&#8217;spian&#8220;-Playlist f\u00fcr euch zusammengestellt. <\/li>\n\n\n\n<li class=\"has-lg-font-size\"><strong>Zeit f\u00fcr Erinnerungen: <\/strong>Haltet eure sch\u00f6nsten Momente mit einer Sofortbildkamera fest, die euch f\u00fcr den gesamten Aufenthalt zur Verf\u00fcgung steht (f\u00fcr 12 Bilder).<\/li>\n\n\n\n<li class=\"has-lg-font-size\"><strong>Kuschel-Extra: <\/strong>Zwei kuschelige Wildbachberg-Strickhauben liegen f\u00fcr euren gemeinsamen Spaziergang bereit, die ihr als Erinnerung mit nach Hause nehmen k\u00f6nnt. <\/li>\n<\/ul>\n\n\n\n<h1 class=\"wp-block-heading has-text-align-left has-black-color has-text-color has-serif-font-family has-3-xl-font-size\" style=\"line-height:1.1\">Kennenlern-Preis f\u00fcr kurze Zeit!<\/h1>\n\n\n\n<p class=\"has-xl-font-size\"><strong>3 N\u00e4chte zum Preis von 2<\/strong> inklusive aller o.a. Leistungen<\/p>\n\n\n\n<p class=\"has-xl-font-size\"><strong>Haus Sepp oder Rosa:<\/strong><br><strong>\u20ac 990<\/strong> f\u00fcr 3 N\u00e4chte f\u00fcr 2 Personen inkl. o.a. Leistungen <br><br><strong>Haus Franzl:<\/strong><br><strong>\u20ac 1.100<\/strong> f\u00fcr 3 N\u00e4chte f\u00fcr 2 Personen inkl. o.a. Leistungen <br><br><strong>Buchbar: <\/strong>05.01. bis 30.03.2025<br>(falls du einen anderen Termin bevorzugst oder l\u00e4nger als 3 N\u00e4chte bleiben m\u00f6chtest, frage gerne auch an, dann senden wir dir ein individuelles Angebot).<\/p>\n\n\n\n<p class=\"has-xl-font-size\">Auf Wunsch zubuchbar: ein frischer Blumenstrau\u00df mit einer lieben Botschaft oder eine andere \u00dcberraschung nach Absprache. Gib uns gerne deine W\u00fcnsche bekannt. <\/p>\n\n\n\n<p class=\"has-xl-font-size\">Die Preise verstehen sich inkl. MwSt. und N\u00e4chtigungsabgabe, buchbar \u00fcber unsere Webseite, per e-mail oder Telefon. \u20ac 15 pro Nacht\/Hund (im Haus Franzl und Sepp willkommen).<\/p>\n\n\n\n<div class=\"wp-block-buttons is-content-justification-center is-layout-flex wp-container-core-buttons-is-layout-a89b3969 wp-block-buttons-is-layout-flex\">\n<div class=\"wp-block-button is-style-outline is-style-outline--1\"><a class=\"wp-block-button__link wp-element-button\" href=\"https:\/\/amwildbachberg.at\/booking.php?server=s9&amp;hotel=wildbachberg&amp;packageid=43&amp;offer=1\">ANFRAGEN<\/a><\/div>\n\n\n\n<div class=\"wp-block-button is-style-outline is-style-outline--2\"><a class=\"wp-block-button__link wp-element-button\" href=\"https:\/\/amwildbachberg.at\/booking.php?server=s9&amp;hotel=wildbachberg&amp;packageid=43\">BUCHEN<\/a><\/div>\n<\/div>\n\n\n\n<p class=\"has-xl-font-size\"><\/p>\n<\/div>\n\n\n\n<div class=\"wp-block-group is-layout-constrained wp-block-group-is-layout-constrained\">\n<figure class=\"wp-block-image aligncenter size-large\"><img loading=\"lazy\" decoding=\"async\" width=\"1024\" height=\"576\" src=\"https:\/\/amwildbachberg.at\/wp-content\/uploads\/2024\/10\/wil-drohne-beschriftete-haeuser-alle-2-1024x576.png\" alt=\"Urlaubsrefugien am Wildbachberg, S\u00fcdweststeiermark, 3 Chalets\" class=\"wp-image-2274\" srcset=\"https:\/\/amwildbachberg.at\/wp-content\/uploads\/2024\/10\/wil-drohne-beschriftete-haeuser-alle-2-1024x576.png 1024w, https:\/\/amwildbachberg.at\/wp-content\/uploads\/2024\/10\/wil-drohne-beschriftete-haeuser-alle-2-300x169.png 300w, https:\/\/amwildbachberg.at\/wp-content\/uploads\/2024\/10\/wil-drohne-beschriftete-haeuser-alle-2-768x432.png 768w, https:\/\/amwildbachberg.at\/wp-content\/uploads\/2024\/10\/wil-drohne-beschriftete-haeuser-alle-2-1536x864.png 1536w, https:\/\/amwildbachberg.at\/wp-content\/uploads\/2024\/10\/wil-drohne-beschriftete-haeuser-alle-2-18x10.png 18w, https:\/\/amwildbachberg.at\/wp-content\/uploads\/2024\/10\/wil-drohne-beschriftete-haeuser-alle-2.png 1920w\" sizes=\"auto, (max-width: 1024px) 100vw, 1024px\" \/><\/figure>\n\n\n\n<h1 class=\"wp-block-heading has-text-align-left has-black-color has-text-color has-serif-font-family has-3-xl-font-size\" style=\"line-height:1.1\">Rosa, Franzl und Sepp hei\u00dfen dich willkommen!<\/h1>\n\n\n\n<p class=\"has-xl-font-size\">&#8222;Rosa&#8220;, &#8222;Franzl&#8220; und &#8222;Sepp&#8220; &#8211; so nennen sich unsere <a href=\"https:\/\/amwildbachberg.at\/luxuschalets\/\">drei H\u00e4user<\/a>, die zusammen einen Ort des echten Wohlf\u00fchlens bei uns &#8222;Am Wildbachberg&#8220; bieten. Rosa &#8211; unsere Sanfte am H\u00fcgel &#8211; bietet Zweisamkeit mit Weitblick. Franzl ist der Gro\u00dfz\u00fcgige mit Wohnraum \u00fcber 2 Etagen. Der Sepp &#8211; ein ehemaliger Troadkastn &#8211; ist etwas kleiner, daf\u00fcr umso kuscheliger und hat einen eigenen eingez\u00e4unten Garten. Ideal also auch f\u00fcr den Romantikurlaub zu zweit mit Hund.<\/p>\n<\/div>\n\n\n\n<div class=\"wp-block-group is-layout-constrained wp-block-group-is-layout-constrained\">\n<p class=\"has-xl-font-size\"><\/p>\n\n\n<div class=\"align wp-block-slider w-full\">\n      <div class=\"swiper\">\n      <div class=\"swiper-wrapper\">\n                  <div class=\"swiper-slide aspect-[2\/3] lg:aspect-[3\/2]\">\n              <img loading=\"lazy\" decoding=\"async\" width=\"2400\" height=\"1601\" src=\"https:\/\/amwildbachberg.at\/wp-content\/uploads\/2022\/12\/Wildbachberg_Rosa_21_wa\u2560ermer.jpg\" class=\"w-full h-full object-cover\" alt=\"Fr\u00fchst\u00fcck im Bett im eigenen Chalet\" srcset=\"https:\/\/amwildbachberg.at\/wp-content\/uploads\/2022\/12\/Wildbachberg_Rosa_21_wa\u2560ermer.jpg 2400w, https:\/\/amwildbachberg.at\/wp-content\/uploads\/2022\/12\/Wildbachberg_Rosa_21_wa\u2560ermer-300x200.jpg 300w, https:\/\/amwildbachberg.at\/wp-content\/uploads\/2022\/12\/Wildbachberg_Rosa_21_wa\u2560ermer-1024x683.jpg 1024w, https:\/\/amwildbachberg.at\/wp-content\/uploads\/2022\/12\/Wildbachberg_Rosa_21_wa\u2560ermer-768x512.jpg 768w, https:\/\/amwildbachberg.at\/wp-content\/uploads\/2022\/12\/Wildbachberg_Rosa_21_wa\u2560ermer-1536x1025.jpg 1536w, https:\/\/amwildbachberg.at\/wp-content\/uploads\/2022\/12\/Wildbachberg_Rosa_21_wa\u2560ermer-2048x1366.jpg 2048w\" sizes=\"auto, (max-width: 2400px) 100vw, 2400px\" \/>\n          <\/div>\n                  <div class=\"swiper-slide aspect-[2\/3] lg:aspect-[3\/2]\">\n              <img loading=\"lazy\" decoding=\"async\" width=\"2400\" height=\"1601\" src=\"https:\/\/amwildbachberg.at\/wp-content\/uploads\/2022\/12\/Wildbachberg_Franz_04_wa\u2560ermer.jpg\" class=\"w-full h-full object-cover\" alt=\"Franzl Am Wildbachberg - Wohnraum mit Kamin\" srcset=\"https:\/\/amwildbachberg.at\/wp-content\/uploads\/2022\/12\/Wildbachberg_Franz_04_wa\u2560ermer.jpg 2400w, https:\/\/amwildbachberg.at\/wp-content\/uploads\/2022\/12\/Wildbachberg_Franz_04_wa\u2560ermer-300x200.jpg 300w, https:\/\/amwildbachberg.at\/wp-content\/uploads\/2022\/12\/Wildbachberg_Franz_04_wa\u2560ermer-1024x683.jpg 1024w, https:\/\/amwildbachberg.at\/wp-content\/uploads\/2022\/12\/Wildbachberg_Franz_04_wa\u2560ermer-768x512.jpg 768w, https:\/\/amwildbachberg.at\/wp-content\/uploads\/2022\/12\/Wildbachberg_Franz_04_wa\u2560ermer-1536x1025.jpg 1536w, https:\/\/amwildbachberg.at\/wp-content\/uploads\/2022\/12\/Wildbachberg_Franz_04_wa\u2560ermer-2048x1366.jpg 2048w\" sizes=\"auto, (max-width: 2400px) 100vw, 2400px\" \/>\n          <\/div>\n                  <div class=\"swiper-slide aspect-[2\/3] lg:aspect-[3\/2]\">\n              <img loading=\"lazy\" decoding=\"async\" width=\"1500\" height=\"1000\" src=\"https:\/\/amwildbachberg.at\/wp-content\/uploads\/2024\/04\/51A7372-2.jpg\" class=\"w-full h-full object-cover\" alt=\"Ferienhaus Franzl mit eigener Sauna\" srcset=\"https:\/\/amwildbachberg.at\/wp-content\/uploads\/2024\/04\/51A7372-2.jpg 1500w, https:\/\/amwildbachberg.at\/wp-content\/uploads\/2024\/04\/51A7372-2-300x200.jpg 300w, https:\/\/amwildbachberg.at\/wp-content\/uploads\/2024\/04\/51A7372-2-1024x683.jpg 1024w, https:\/\/amwildbachberg.at\/wp-content\/uploads\/2024\/04\/51A7372-2-768x512.jpg 768w\" sizes=\"auto, (max-width: 1500px) 100vw, 1500px\" \/>\n          <\/div>\n                  <div class=\"swiper-slide aspect-[2\/3] lg:aspect-[3\/2]\">\n              <img loading=\"lazy\" decoding=\"async\" width=\"2400\" height=\"1601\" src=\"https:\/\/amwildbachberg.at\/wp-content\/uploads\/2022\/12\/Wildbachberg_Weinkeller_03_waermer.jpg\" class=\"w-full h-full object-cover\" alt=\"Weinkeller und Naturwein Vinothek\" srcset=\"https:\/\/amwildbachberg.at\/wp-content\/uploads\/2022\/12\/Wildbachberg_Weinkeller_03_waermer.jpg 2400w, https:\/\/amwildbachberg.at\/wp-content\/uploads\/2022\/12\/Wildbachberg_Weinkeller_03_waermer-300x200.jpg 300w, https:\/\/amwildbachberg.at\/wp-content\/uploads\/2022\/12\/Wildbachberg_Weinkeller_03_waermer-1024x683.jpg 1024w, https:\/\/amwildbachberg.at\/wp-content\/uploads\/2022\/12\/Wildbachberg_Weinkeller_03_waermer-768x512.jpg 768w, https:\/\/amwildbachberg.at\/wp-content\/uploads\/2022\/12\/Wildbachberg_Weinkeller_03_waermer-1536x1025.jpg 1536w, https:\/\/amwildbachberg.at\/wp-content\/uploads\/2022\/12\/Wildbachberg_Weinkeller_03_waermer-2048x1366.jpg 2048w\" sizes=\"auto, (max-width: 2400px) 100vw, 2400px\" \/>\n          <\/div>\n                  <div class=\"swiper-slide aspect-[2\/3] lg:aspect-[3\/2]\">\n              <img loading=\"lazy\" decoding=\"async\" width=\"2400\" height=\"1601\" src=\"https:\/\/amwildbachberg.at\/wp-content\/uploads\/2022\/12\/Wildbachberg_Junges_Paar_03_waermer.jpg\" class=\"w-full h-full object-cover\" alt=\"Zeit zu zweit im Ferienhaus Rosa\" srcset=\"https:\/\/amwildbachberg.at\/wp-content\/uploads\/2022\/12\/Wildbachberg_Junges_Paar_03_waermer.jpg 2400w, https:\/\/amwildbachberg.at\/wp-content\/uploads\/2022\/12\/Wildbachberg_Junges_Paar_03_waermer-300x200.jpg 300w, https:\/\/amwildbachberg.at\/wp-content\/uploads\/2022\/12\/Wildbachberg_Junges_Paar_03_waermer-1024x683.jpg 1024w, https:\/\/amwildbachberg.at\/wp-content\/uploads\/2022\/12\/Wildbachberg_Junges_Paar_03_waermer-768x512.jpg 768w, https:\/\/amwildbachberg.at\/wp-content\/uploads\/2022\/12\/Wildbachberg_Junges_Paar_03_waermer-1536x1025.jpg 1536w, https:\/\/amwildbachberg.at\/wp-content\/uploads\/2022\/12\/Wildbachberg_Junges_Paar_03_waermer-2048x1366.jpg 2048w\" sizes=\"auto, (max-width: 2400px) 100vw, 2400px\" \/>\n          <\/div>\n                  <div class=\"swiper-slide aspect-[2\/3] lg:aspect-[3\/2]\">\n              <img loading=\"lazy\" decoding=\"async\" width=\"2400\" height=\"1601\" src=\"https:\/\/amwildbachberg.at\/wp-content\/uploads\/2024\/06\/Wildbachberg_Franz_18_wa\u2560ermer.jpg\" class=\"w-full h-full object-cover\" alt=\"Haus Franzl mit freistehender Badewanne\" srcset=\"https:\/\/amwildbachberg.at\/wp-content\/uploads\/2024\/06\/Wildbachberg_Franz_18_wa\u2560ermer.jpg 2400w, https:\/\/amwildbachberg.at\/wp-content\/uploads\/2024\/06\/Wildbachberg_Franz_18_wa\u2560ermer-300x200.jpg 300w, https:\/\/amwildbachberg.at\/wp-content\/uploads\/2024\/06\/Wildbachberg_Franz_18_wa\u2560ermer-1024x683.jpg 1024w, https:\/\/amwildbachberg.at\/wp-content\/uploads\/2024\/06\/Wildbachberg_Franz_18_wa\u2560ermer-768x512.jpg 768w, https:\/\/amwildbachberg.at\/wp-content\/uploads\/2024\/06\/Wildbachberg_Franz_18_wa\u2560ermer-1536x1025.jpg 1536w, https:\/\/amwildbachberg.at\/wp-content\/uploads\/2024\/06\/Wildbachberg_Franz_18_wa\u2560ermer-2048x1366.jpg 2048w\" sizes=\"auto, (max-width: 2400px) 100vw, 2400px\" \/>\n          <\/div>\n                  <div class=\"swiper-slide aspect-[2\/3] lg:aspect-[3\/2]\">\n              <img loading=\"lazy\" decoding=\"async\" width=\"1200\" height=\"900\" src=\"https:\/\/amwildbachberg.at\/wp-content\/uploads\/2024\/11\/Wildbachberg_Rosa_10_wa\u2560ermer-zugeschnitten-quer.jpg\" class=\"w-full h-full object-cover\" alt=\"Bad\" srcset=\"https:\/\/amwildbachberg.at\/wp-content\/uploads\/2024\/11\/Wildbachberg_Rosa_10_wa\u2560ermer-zugeschnitten-quer.jpg 1200w, https:\/\/amwildbachberg.at\/wp-content\/uploads\/2024\/11\/Wildbachberg_Rosa_10_wa\u2560ermer-zugeschnitten-quer-300x225.jpg 300w, https:\/\/amwildbachberg.at\/wp-content\/uploads\/2024\/11\/Wildbachberg_Rosa_10_wa\u2560ermer-zugeschnitten-quer-1024x768.jpg 1024w, https:\/\/amwildbachberg.at\/wp-content\/uploads\/2024\/11\/Wildbachberg_Rosa_10_wa\u2560ermer-zugeschnitten-quer-768x576.jpg 768w, https:\/\/amwildbachberg.at\/wp-content\/uploads\/2024\/11\/Wildbachberg_Rosa_10_wa\u2560ermer-zugeschnitten-quer-16x12.jpg 16w\" sizes=\"auto, (max-width: 1200px) 100vw, 1200px\" \/>\n          <\/div>\n                  <div class=\"swiper-slide aspect-[2\/3] lg:aspect-[3\/2]\">\n              <img loading=\"lazy\" decoding=\"async\" width=\"2400\" height=\"1601\" src=\"https:\/\/amwildbachberg.at\/wp-content\/uploads\/2024\/06\/Wildbachberg_Rosa_34_waermer.jpg\" class=\"w-full h-full object-cover\" alt=\"Am Wildbachberg bei Nacht\" srcset=\"https:\/\/amwildbachberg.at\/wp-content\/uploads\/2024\/06\/Wildbachberg_Rosa_34_waermer.jpg 2400w, https:\/\/amwildbachberg.at\/wp-content\/uploads\/2024\/06\/Wildbachberg_Rosa_34_waermer-300x200.jpg 300w, https:\/\/amwildbachberg.at\/wp-content\/uploads\/2024\/06\/Wildbachberg_Rosa_34_waermer-1024x683.jpg 1024w, https:\/\/amwildbachberg.at\/wp-content\/uploads\/2024\/06\/Wildbachberg_Rosa_34_waermer-768x512.jpg 768w, https:\/\/amwildbachberg.at\/wp-content\/uploads\/2024\/06\/Wildbachberg_Rosa_34_waermer-1536x1025.jpg 1536w, https:\/\/amwildbachberg.at\/wp-content\/uploads\/2024\/06\/Wildbachberg_Rosa_34_waermer-2048x1366.jpg 2048w\" sizes=\"auto, (max-width: 2400px) 100vw, 2400px\" \/>\n          <\/div>\n                  <div class=\"swiper-slide aspect-[2\/3] lg:aspect-[3\/2]\">\n              <img loading=\"lazy\" decoding=\"async\" width=\"2560\" height=\"1707\" src=\"https:\/\/amwildbachberg.at\/wp-content\/uploads\/2024\/11\/00000111169_Winterspaziergang-Oesterreich-Werbung_WEST4MEDIA-skaliertundents-scaled.jpg\" class=\"w-full h-full object-cover\" alt=\"Romantikpauschale Am Wildbachberg\" srcset=\"https:\/\/amwildbachberg.at\/wp-content\/uploads\/2024\/11\/00000111169_Winterspaziergang-Oesterreich-Werbung_WEST4MEDIA-skaliertundents-scaled.jpg 2560w, https:\/\/amwildbachberg.at\/wp-content\/uploads\/2024\/11\/00000111169_Winterspaziergang-Oesterreich-Werbung_WEST4MEDIA-skaliertundents-300x200.jpg 300w, https:\/\/amwildbachberg.at\/wp-content\/uploads\/2024\/11\/00000111169_Winterspaziergang-Oesterreich-Werbung_WEST4MEDIA-skaliertundents-1024x683.jpg 1024w, https:\/\/amwildbachberg.at\/wp-content\/uploads\/2024\/11\/00000111169_Winterspaziergang-Oesterreich-Werbung_WEST4MEDIA-skaliertundents-768x512.jpg 768w, https:\/\/amwildbachberg.at\/wp-content\/uploads\/2024\/11\/00000111169_Winterspaziergang-Oesterreich-Werbung_WEST4MEDIA-skaliertundents-1536x1024.jpg 1536w, https:\/\/amwildbachberg.at\/wp-content\/uploads\/2024\/11\/00000111169_Winterspaziergang-Oesterreich-Werbung_WEST4MEDIA-skaliertundents-2048x1365.jpg 2048w, https:\/\/amwildbachberg.at\/wp-content\/uploads\/2024\/11\/00000111169_Winterspaziergang-Oesterreich-Werbung_WEST4MEDIA-skaliertundents-18x12.jpg 18w\" sizes=\"auto, (max-width: 2560px) 100vw, 2560px\" \/>\n          <\/div>\n                  <div class=\"swiper-slide aspect-[2\/3] lg:aspect-[3\/2]\">\n              <img loading=\"lazy\" decoding=\"async\" width=\"2400\" height=\"1601\" src=\"https:\/\/amwildbachberg.at\/wp-content\/uploads\/2022\/12\/Wildbachberg_Rosa_18_wa\u2560ermer.jpg\" class=\"w-full h-full object-cover\" alt=\"Refugium Rosa am Wildbachberg\" srcset=\"https:\/\/amwildbachberg.at\/wp-content\/uploads\/2022\/12\/Wildbachberg_Rosa_18_wa\u2560ermer.jpg 2400w, https:\/\/amwildbachberg.at\/wp-content\/uploads\/2022\/12\/Wildbachberg_Rosa_18_wa\u2560ermer-300x200.jpg 300w, https:\/\/amwildbachberg.at\/wp-content\/uploads\/2022\/12\/Wildbachberg_Rosa_18_wa\u2560ermer-1024x683.jpg 1024w, https:\/\/amwildbachberg.at\/wp-content\/uploads\/2022\/12\/Wildbachberg_Rosa_18_wa\u2560ermer-768x512.jpg 768w, https:\/\/amwildbachberg.at\/wp-content\/uploads\/2022\/12\/Wildbachberg_Rosa_18_wa\u2560ermer-1536x1025.jpg 1536w, https:\/\/amwildbachberg.at\/wp-content\/uploads\/2022\/12\/Wildbachberg_Rosa_18_wa\u2560ermer-2048x1366.jpg 2048w\" sizes=\"auto, (max-width: 2400px) 100vw, 2400px\" \/>\n          <\/div>\n                  <div class=\"swiper-slide aspect-[2\/3] lg:aspect-[3\/2]\">\n              <img loading=\"lazy\" decoding=\"async\" width=\"2400\" height=\"1601\" src=\"https:\/\/amwildbachberg.at\/wp-content\/uploads\/2024\/11\/Wildbachberg_Rosa_33_waermer.jpg\" class=\"w-full h-full object-cover\" alt=\"Holz-Deko\" srcset=\"https:\/\/amwildbachberg.at\/wp-content\/uploads\/2024\/11\/Wildbachberg_Rosa_33_waermer.jpg 2400w, https:\/\/amwildbachberg.at\/wp-content\/uploads\/2024\/11\/Wildbachberg_Rosa_33_waermer-300x200.jpg 300w, https:\/\/amwildbachberg.at\/wp-content\/uploads\/2024\/11\/Wildbachberg_Rosa_33_waermer-1024x683.jpg 1024w, https:\/\/amwildbachberg.at\/wp-content\/uploads\/2024\/11\/Wildbachberg_Rosa_33_waermer-768x512.jpg 768w, https:\/\/amwildbachberg.at\/wp-content\/uploads\/2024\/11\/Wildbachberg_Rosa_33_waermer-1536x1025.jpg 1536w, https:\/\/amwildbachberg.at\/wp-content\/uploads\/2024\/11\/Wildbachberg_Rosa_33_waermer-2048x1366.jpg 2048w, https:\/\/amwildbachberg.at\/wp-content\/uploads\/2024\/11\/Wildbachberg_Rosa_33_waermer-18x12.jpg 18w\" sizes=\"auto, (max-width: 2400px) 100vw, 2400px\" \/>\n          <\/div>\n                  <div class=\"swiper-slide aspect-[2\/3] lg:aspect-[3\/2]\">\n              <img loading=\"lazy\" decoding=\"async\" width=\"1500\" height=\"1000\" src=\"https:\/\/amwildbachberg.at\/wp-content\/uploads\/2024\/04\/51A7332-2.jpg\" class=\"w-full h-full object-cover\" alt=\"Ferienhaus Franzl - Schlafzimmer mit freistehender Badewanne\" srcset=\"https:\/\/amwildbachberg.at\/wp-content\/uploads\/2024\/04\/51A7332-2.jpg 1500w, https:\/\/amwildbachberg.at\/wp-content\/uploads\/2024\/04\/51A7332-2-300x200.jpg 300w, https:\/\/amwildbachberg.at\/wp-content\/uploads\/2024\/04\/51A7332-2-1024x683.jpg 1024w, https:\/\/amwildbachberg.at\/wp-content\/uploads\/2024\/04\/51A7332-2-768x512.jpg 768w\" sizes=\"auto, (max-width: 1500px) 100vw, 1500px\" \/>\n          <\/div>\n                  <div class=\"swiper-slide aspect-[2\/3] lg:aspect-[3\/2]\">\n              <img loading=\"lazy\" decoding=\"async\" width=\"2400\" height=\"1601\" src=\"https:\/\/amwildbachberg.at\/wp-content\/uploads\/2022\/12\/Wildbachberg_Sepp_27_waermer.jpg\" class=\"w-full h-full object-cover\" alt=\"Ferienhaus Sepp und Sauna\" srcset=\"https:\/\/amwildbachberg.at\/wp-content\/uploads\/2022\/12\/Wildbachberg_Sepp_27_waermer.jpg 2400w, https:\/\/amwildbachberg.at\/wp-content\/uploads\/2022\/12\/Wildbachberg_Sepp_27_waermer-300x200.jpg 300w, https:\/\/amwildbachberg.at\/wp-content\/uploads\/2022\/12\/Wildbachberg_Sepp_27_waermer-1024x683.jpg 1024w, https:\/\/amwildbachberg.at\/wp-content\/uploads\/2022\/12\/Wildbachberg_Sepp_27_waermer-768x512.jpg 768w, https:\/\/amwildbachberg.at\/wp-content\/uploads\/2022\/12\/Wildbachberg_Sepp_27_waermer-1536x1025.jpg 1536w, https:\/\/amwildbachberg.at\/wp-content\/uploads\/2022\/12\/Wildbachberg_Sepp_27_waermer-2048x1366.jpg 2048w\" sizes=\"auto, (max-width: 2400px) 100vw, 2400px\" \/>\n          <\/div>\n              <\/div>\n      <div class=\"swiper-pagination\"><\/div>\n\n      <div class=\"swiper-button-prev\"><\/div>\n      <div class=\"swiper-button-next\"><\/div>\n    <\/div>\n  <\/div>\n<\/div>\n\n\n\n<div class=\"wp-block-group is-layout-constrained wp-block-group-is-layout-constrained\">\n<h1 class=\"wp-block-heading has-text-align-left has-black-color has-text-color has-serif-font-family has-3-xl-font-size\" style=\"line-height:1.1\">Noch Fragen?<\/h1>\n\n\n\n<p class=\"has-xl-font-size\">F\u00fcr weitere Informationen stehen wir Ihnen jederzeit sehr gerne zur Verf\u00fcgung. <\/p>\n\n\n\n<p class=\"has-xl-font-size\"><em>Griasdi <\/em>und bis bald! <\/p>\n\n\n\n<p class=\"has-xl-font-size\">Johanna und G\u00fcnter vom Wildbachberg <br>+43 676 6031422 <br><a href=\"mailto:griasdi@amwildbachberg.at\">griasdi@amwildbachberg.at<\/a><\/p>\n<\/div>\n<\/div>\n","protected":false},"excerpt":{"rendered":"<p>Love g&#039;spian Romance for two in a chalet - with peace and enjoyment At Wildbachberg, time passes according to your internal clock. What could be nicer than celebrating togetherness with peace and enjoyment? &quot;Keep napping&quot; a little longer in the morning with your loved one by your side. Have breakfast served in bed and enjoy the ... <a href=\"https:\/\/amwildbachberg.at\/en\/die-liebe-gspian\/\">Continued<\/a><\/p>","protected":false},"author":3,"featured_media":0,"parent":0,"menu_order":0,"comment_status":"closed","ping_status":"closed","template":"","meta":{"_acf_changed":false,"pgc_sgb_lightbox_settings":"","awb_header_is_dark":true,"footnotes":""},"class_list":["post-2391","page","type-page","status-publish","hentry"],"acf":[],"yoast_head":"<!-- This site is optimized with the Yoast SEO plugin v27.2 - https:\/\/yoast.com\/product\/yoast-seo-wordpress\/ -->\n<title>Die Liebe g&#039;spian - Am Wildbachberg<\/title>\n<meta name=\"robots\" content=\"index, follow, max-snippet:-1, max-image-preview:large, max-video-preview:-1\" \/>\n<link rel=\"canonical\" href=\"https:\/\/amwildbachberg.at\/en\/die-liebe-gspian\/\" \/>\n<meta property=\"og:locale\" content=\"en_GB\" \/>\n<meta property=\"og:type\" content=\"article\" \/>\n<meta property=\"og:title\" content=\"Die Liebe g&#039;spian - Am Wildbachberg\" \/>\n<meta property=\"og:description\" content=\"Die Liebe g&#8217;spian Romantik f\u00fcr zwei im Chalet-mit Ruhe &amp; Genuss Am Wildbachberg vergeht die Zeit nach der inneren Uhr. Was gibt es sch\u00f6neres, als mit viel Ruhe und Genuss die Zweisamkeit zu zelebrieren. Morgens ein bisschen l\u00e4nger &#8222;weiternapseln&#8220; mit der Liebsten\/dem Liebsten an deiner Seite. Das Fr\u00fchst\u00fcck ans Bett servieren lassen und sich den &hellip; Continued\" \/>\n<meta property=\"og:url\" content=\"https:\/\/amwildbachberg.at\/en\/die-liebe-gspian\/\" \/>\n<meta property=\"og:site_name\" content=\"Am Wildbachberg\" \/>\n<meta property=\"article:publisher\" content=\"https:\/\/www.facebook.com\/amwildbachberg\/\" \/>\n<meta property=\"article:modified_time\" content=\"2025-02-04T17:00:24+00:00\" \/>\n<meta property=\"og:image\" content=\"https:\/\/amwildbachberg.at\/wp-content\/uploads\/2022\/12\/Wildbachberg_Junges_Paar_03_waermer.jpg\" \/>\n\t<meta property=\"og:image:width\" content=\"2400\" \/>\n\t<meta property=\"og:image:height\" content=\"1601\" \/>\n\t<meta property=\"og:image:type\" content=\"image\/jpeg\" \/>\n<meta name=\"twitter:card\" content=\"summary_large_image\" \/>\n<meta name=\"twitter:label1\" content=\"Estimated reading time\" \/>\n\t<meta name=\"twitter:data1\" content=\"4 minutes\" \/>\n<script type=\"application\/ld+json\" class=\"yoast-schema-graph\">{\"@context\":\"https:\/\/schema.org\",\"@graph\":[{\"@type\":\"WebPage\",\"@id\":\"https:\/\/amwildbachberg.at\/die-liebe-gspian\/\",\"url\":\"https:\/\/amwildbachberg.at\/die-liebe-gspian\/\",\"name\":\"Die Liebe g'spian - Am Wildbachberg\",\"isPartOf\":{\"@id\":\"https:\/\/amwildbachberg.at\/#website\"},\"primaryImageOfPage\":{\"@id\":\"https:\/\/amwildbachberg.at\/die-liebe-gspian\/#primaryimage\"},\"image\":{\"@id\":\"https:\/\/amwildbachberg.at\/die-liebe-gspian\/#primaryimage\"},\"thumbnailUrl\":\"https:\/\/amwildbachberg.at\/wp-content\/uploads\/2022\/12\/Wildbachberg_Junges_Paar_03_waermer-1024x683.jpg\",\"datePublished\":\"2024-12-02T11:23:01+00:00\",\"dateModified\":\"2025-02-04T17:00:24+00:00\",\"breadcrumb\":{\"@id\":\"https:\/\/amwildbachberg.at\/die-liebe-gspian\/#breadcrumb\"},\"inLanguage\":\"en-GB\",\"potentialAction\":[{\"@type\":\"ReadAction\",\"target\":[\"https:\/\/amwildbachberg.at\/die-liebe-gspian\/\"]}]},{\"@type\":\"ImageObject\",\"inLanguage\":\"en-GB\",\"@id\":\"https:\/\/amwildbachberg.at\/die-liebe-gspian\/#primaryimage\",\"url\":\"https:\/\/amwildbachberg.at\/wp-content\/uploads\/2022\/12\/Wildbachberg_Junges_Paar_03_waermer-1024x683.jpg\",\"contentUrl\":\"https:\/\/amwildbachberg.at\/wp-content\/uploads\/2022\/12\/Wildbachberg_Junges_Paar_03_waermer-1024x683.jpg\"},{\"@type\":\"BreadcrumbList\",\"@id\":\"https:\/\/amwildbachberg.at\/die-liebe-gspian\/#breadcrumb\",\"itemListElement\":[{\"@type\":\"ListItem\",\"position\":1,\"name\":\"Startseite\",\"item\":\"https:\/\/amwildbachberg.at\/\"},{\"@type\":\"ListItem\",\"position\":2,\"name\":\"Die Liebe g&#8217;spian\"}]},{\"@type\":\"WebSite\",\"@id\":\"https:\/\/amwildbachberg.at\/#website\",\"url\":\"https:\/\/amwildbachberg.at\/\",\"name\":\"Am Wildbachberg\",\"description\":\"Das Leben g\u2019spian.\",\"publisher\":{\"@id\":\"https:\/\/amwildbachberg.at\/#organization\"},\"potentialAction\":[{\"@type\":\"SearchAction\",\"target\":{\"@type\":\"EntryPoint\",\"urlTemplate\":\"https:\/\/amwildbachberg.at\/?s={search_term_string}\"},\"query-input\":{\"@type\":\"PropertyValueSpecification\",\"valueRequired\":true,\"valueName\":\"search_term_string\"}}],\"inLanguage\":\"en-GB\"},{\"@type\":\"Organization\",\"@id\":\"https:\/\/amwildbachberg.at\/#organization\",\"name\":\"Am Wildbachberg\",\"url\":\"https:\/\/amwildbachberg.at\/\",\"logo\":{\"@type\":\"ImageObject\",\"inLanguage\":\"en-GB\",\"@id\":\"https:\/\/amwildbachberg.at\/#\/schema\/logo\/image\/\",\"url\":\"https:\/\/amwildbachberg.at\/wp-content\/uploads\/2023\/06\/cropped-favicon.png\",\"contentUrl\":\"https:\/\/amwildbachberg.at\/wp-content\/uploads\/2023\/06\/cropped-favicon.png\",\"width\":512,\"height\":512,\"caption\":\"Am Wildbachberg\"},\"image\":{\"@id\":\"https:\/\/amwildbachberg.at\/#\/schema\/logo\/image\/\"},\"sameAs\":[\"https:\/\/www.facebook.com\/amwildbachberg\/\",\"https:\/\/www.instagram.com\/am_wildbachberg\/\"]}]}<\/script>\n<!-- \/ Yoast SEO plugin. -->","yoast_head_json":{"title":"Feeling love - On the Wildbachberg","robots":{"index":"index","follow":"follow","max-snippet":"max-snippet:-1","max-image-preview":"max-image-preview:large","max-video-preview":"max-video-preview:-1"},"canonical":"https:\/\/amwildbachberg.at\/en\/die-liebe-gspian\/","og_locale":"en_GB","og_type":"article","og_title":"Die Liebe g'spian - Am Wildbachberg","og_description":"Die Liebe g&#8217;spian Romantik f\u00fcr zwei im Chalet-mit Ruhe &amp; Genuss Am Wildbachberg vergeht die Zeit nach der inneren Uhr. Was gibt es sch\u00f6neres, als mit viel Ruhe und Genuss die Zweisamkeit zu zelebrieren. Morgens ein bisschen l\u00e4nger &#8222;weiternapseln&#8220; mit der Liebsten\/dem Liebsten an deiner Seite. Das Fr\u00fchst\u00fcck ans Bett servieren lassen und sich den &hellip; Continued","og_url":"https:\/\/amwildbachberg.at\/en\/die-liebe-gspian\/","og_site_name":"Am Wildbachberg","article_publisher":"https:\/\/www.facebook.com\/amwildbachberg\/","article_modified_time":"2025-02-04T17:00:24+00:00","og_image":[{"width":2400,"height":1601,"url":"https:\/\/amwildbachberg.at\/wp-content\/uploads\/2022\/12\/Wildbachberg_Junges_Paar_03_waermer.jpg","type":"image\/jpeg"}],"twitter_card":"summary_large_image","twitter_misc":{"Estimated reading time":"4 minutes"},"schema":{"@context":"https:\/\/schema.org","@graph":[{"@type":"WebPage","@id":"https:\/\/amwildbachberg.at\/die-liebe-gspian\/","url":"https:\/\/amwildbachberg.at\/die-liebe-gspian\/","name":"Feeling love - On the Wildbachberg","isPartOf":{"@id":"https:\/\/amwildbachberg.at\/#website"},"primaryImageOfPage":{"@id":"https:\/\/amwildbachberg.at\/die-liebe-gspian\/#primaryimage"},"image":{"@id":"https:\/\/amwildbachberg.at\/die-liebe-gspian\/#primaryimage"},"thumbnailUrl":"https:\/\/amwildbachberg.at\/wp-content\/uploads\/2022\/12\/Wildbachberg_Junges_Paar_03_waermer-1024x683.jpg","datePublished":"2024-12-02T11:23:01+00:00","dateModified":"2025-02-04T17:00:24+00:00","breadcrumb":{"@id":"https:\/\/amwildbachberg.at\/die-liebe-gspian\/#breadcrumb"},"inLanguage":"en-GB","potentialAction":[{"@type":"ReadAction","target":["https:\/\/amwildbachberg.at\/die-liebe-gspian\/"]}]},{"@type":"ImageObject","inLanguage":"en-GB","@id":"https:\/\/amwildbachberg.at\/die-liebe-gspian\/#primaryimage","url":"https:\/\/amwildbachberg.at\/wp-content\/uploads\/2022\/12\/Wildbachberg_Junges_Paar_03_waermer-1024x683.jpg","contentUrl":"https:\/\/amwildbachberg.at\/wp-content\/uploads\/2022\/12\/Wildbachberg_Junges_Paar_03_waermer-1024x683.jpg"},{"@type":"BreadcrumbList","@id":"https:\/\/amwildbachberg.at\/die-liebe-gspian\/#breadcrumb","itemListElement":[{"@type":"ListItem","position":1,"name":"Startseite","item":"https:\/\/amwildbachberg.at\/"},{"@type":"ListItem","position":2,"name":"Die Liebe g&#8217;spian"}]},{"@type":"WebSite","@id":"https:\/\/amwildbachberg.at\/#website","url":"https:\/\/amwildbachberg.at\/","name":"At Wildbachberg","description":"Feeling the life.","publisher":{"@id":"https:\/\/amwildbachberg.at\/#organization"},"potentialAction":[{"@type":"SearchAction","target":{"@type":"EntryPoint","urlTemplate":"https:\/\/amwildbachberg.at\/?s={search_term_string}"},"query-input":{"@type":"PropertyValueSpecification","valueRequired":true,"valueName":"search_term_string"}}],"inLanguage":"en-GB"},{"@type":"Organization","@id":"https:\/\/amwildbachberg.at\/#organization","name":"At Wildbachberg","url":"https:\/\/amwildbachberg.at\/","logo":{"@type":"ImageObject","inLanguage":"en-GB","@id":"https:\/\/amwildbachberg.at\/#\/schema\/logo\/image\/","url":"https:\/\/amwildbachberg.at\/wp-content\/uploads\/2023\/06\/cropped-favicon.png","contentUrl":"https:\/\/amwildbachberg.at\/wp-content\/uploads\/2023\/06\/cropped-favicon.png","width":512,"height":512,"caption":"Am Wildbachberg"},"image":{"@id":"https:\/\/amwildbachberg.at\/#\/schema\/logo\/image\/"},"sameAs":["https:\/\/www.facebook.com\/amwildbachberg\/","https:\/\/www.instagram.com\/am_wildbachberg\/"]}]}},"_links":{"self":[{"href":"https:\/\/amwildbachberg.at\/en\/wp-json\/wp\/v2\/pages\/2391","targetHints":{"allow":["GET"]}}],"collection":[{"href":"https:\/\/amwildbachberg.at\/en\/wp-json\/wp\/v2\/pages"}],"about":[{"href":"https:\/\/amwildbachberg.at\/en\/wp-json\/wp\/v2\/types\/page"}],"author":[{"embeddable":true,"href":"https:\/\/amwildbachberg.at\/en\/wp-json\/wp\/v2\/users\/3"}],"replies":[{"embeddable":true,"href":"https:\/\/amwildbachberg.at\/en\/wp-json\/wp\/v2\/comments?post=2391"}],"version-history":[{"count":5,"href":"https:\/\/amwildbachberg.at\/en\/wp-json\/wp\/v2\/pages\/2391\/revisions"}],"predecessor-version":[{"id":2553,"href":"https:\/\/amwildbachberg.at\/en\/wp-json\/wp\/v2\/pages\/2391\/revisions\/2553"}],"wp:attachment":[{"href":"https:\/\/amwildbachberg.at\/en\/wp-json\/wp\/v2\/media?parent=2391"}],"curies":[{"name":"wp","href":"https:\/\/api.w.org\/{rel}","templated":true}]}}